{"id":1045,"date":"2025-10-19T21:09:32","date_gmt":"2025-10-19T18:09:32","guid":{"rendered":"https:\/\/www.dfilippis.gr\/?page_id=1045"},"modified":"2025-10-19T21:11:00","modified_gmt":"2025-10-19T18:11:00","slug":"%ce%b4%ce%b7%ce%bc%ce%bf%cf%83%ce%b9%ce%b5%cf%8d%ce%bc%ce%b1%cf%84%ce%b1-%ce%bc%ce%b5%cf%84%ce%ac-%cf%84%ce%bf-2020","status":"publish","type":"page","link":"https:\/\/www.dfilippis.gr\/en\/%ce%b4%ce%b7%ce%bc%ce%bf%cf%83%ce%b9%ce%b5%cf%8d%ce%bc%ce%b1%cf%84%ce%b1-%ce%bc%ce%b5%cf%84%ce%ac-%cf%84%ce%bf-2020\/","title":{"rendered":"Publications after 2020"},"content":{"rendered":"<p><strong>\u03b1) \u0395\u03c0\u03b9\u03bc\u03ad\u03bb\u03b5\u03b9\u03b1 \u03c4\u03b5\u03c5\u03c7\u03ce\u03bd \u03c0\u03b5\u03c1\u03b9\u03bf\u03b4\u03b9\u03ba\u03bf\u03cd<\/strong><\/p>\n<p><em>Tribuna Abierta de Estudios Hispano-Helenos, <\/em>\u00ab\u0395\u03c0\u03b1\u03bd\u03ac\u03c3\u03c4\u03b1\u03c3\u03b7 \u03ba\u03b1\u03b9 \u03bb\u03bf\u03b3\u03bf\u03ba\u03c1\u03b9\u03c3\u03af\u03b1\/Revoluci\u00f3n y Censura. Jornadas-Actas\u00bb, \u03c4\u03c7. \u0393-\u0394 (\u03a6\u03b8\u03b9\u03bd\u03cc\u03c0\u03c9\u03c1\u03bf-oto\u00f1o2021\/\u03a7\u03b5\u03b9\u03bc\u03ce\u03bd\u03b1\u03c2-invierno 2022).<\/p>\n<p>*<em>Tribuna Abierta de Estudios Hispano-Helenos, <\/em>\u00ab\u03a4\u03b1\u03be\u03af\u03b4\u03b9\u03b1 \u03ba\u03b1\u03b9 \u0399\u03c3\u03c4\u03bf\u03c1\u03b9\u03ba\u03ae \u039c\u03bd\u03ae\u03bc\u03b7-Iberismo y Selva Viviente del Ecuador\u00bb, \u03c4\u03c7. \u0395\u0384 (\u03a6\u03b8\u03b9\u03bd\u03cc\u03c0\u03c9\u03c1\u03bf-oto\u00f1o 2023).<\/p>\n<p>*<em>Tribuna Abierta de Estudios Hispano-Helenos, <\/em>\u00ab\u03a0\u03c1\u03bf\u03c3\u03c6\u03c5\u03b3\u03b9\u03ac \u03ba\u03b1\u03b9 \u0395\u03be\u03bf\u03c1\u03af\u03b1\/Refugio y Exilio. Congreso-Actas\u00bb, \u03c4\u03c7 \u03a3\u03c4 (\u0386\u03bd\u03bf\u03b9\u03be\u03b7-primavera 2024).<\/p>\n<p>*<em>Tribuna Abierta de Estudios Hispano-Helenos, <\/em>\u00abCono Sur-Grecia-Espa\u00f1a-Portugal. 50 a\u00f1os de Democracia &amp; Memoria\/50 \u03c7\u03c1\u03cc\u03bd\u03b9\u03b1 \u0394\u03b7\u03bc\u03bf\u03ba\u03c1\u03b1\u03c4\u03af\u03b1\u03c2 \u03ba\u03b1\u03b9 \u039c\u03bd\u03ae\u03bc\u03b7\u03c2\u00bb, \u03c4\u03c7. \u0396 (\u039a\u03b1\u03bb\u03bf\u03ba\u03b1\u03af\u03c1\u03b9-verano 2025).<\/p>\n<p>&nbsp;<\/p>\n<p><strong>\u03b2) \u0395\u03c0\u03b9\u03bc\u03ad\u03bb\u03b5\u03b9\u03b1-\u03c3\u03c5\u03b3\u03b3\u03c1\u03b1\u03c6\u03ae \u03b2\u03b9\u03b2\u03bb\u03af\u03c9\u03bd<\/strong><\/p>\n<p>* \u039a\u03c9\u03bd\u03c3\u03c4\u03b1\u03bd\u03c4\u03af\u03bd\u03bf\u03c2 \u0391. \u039a\u03c9\u03bd\u03c3\u03c4\u03b1\u03bd\u03c4\u03cc\u03c0\u03bf\u03c5\u03bb\u03bf\u03c2-\u0394\u03b7\u03bc\u03ae\u03c4\u03c1\u03b7\u03c2 \u0395. \u03a6\u03b9\u03bb\u03b9\u03c0\u03c0\u03ae\u03c2 (\u03b5\u03c0\u03b9\u03bc.), <em>\u00a0\u0391\u03c0\u03cc \u03c4\u03b7 \u03a3\u03c5\u03bd\u03b8\u03ae\u03ba\u03b7 \u03c4\u03c9\u03bd \u03a3\u03b5\u03b2\u03c1\u03ce\u03bd \u03c3\u03c4\u03b7 \u03a3\u03c5\u03bd\u03b8\u03ae\u03ba\u03b7 \u03c4\u03b7\u03c2 \u039b\u03c9\u03b6\u03ac\u03bd\u03bd\u03b7\u03c2. \u0399\u03c3\u03c4\u03bf\u03c1\u03b9\u03ba\u03ad\u03c2 \u03a0\u03c1\u03bf\u03c3\u03b5\u03b3\u03b3\u03af\u03c3\u03b5\u03b9\u03c2 \u03ba\u03b1\u03b9 \u2018\u039f\u03c8\u03b5\u03b9\u03c2 \u03c4\u03bf\u03c5 \u03a0\u03c1\u03bf\u03c3\u03c6\u03c5\u03b3\u03b9\u03ba\u03bf\u03cd \u0396\u03b7\u03c4\u03ae\u03bc\u03b1\u03c4\u03bf\u03c2. <\/em>\u0395\u03ba\u03b4\u03cc\u03c3\u03b5\u03b9\u03c2 \u0395\u0391\u03a0-\u0395\u0391\u03a0, \u0391\u03b8\u03ae\u03bd\u03b1 2024 (\u03c0\u03c1\u03b1\u03ba\u03c4\u03b9\u03ba\u03ac \u03b4\u03b9\u03b7\u03bc\u03b5\u03c1\u03af\u03b4\u03b1\u03c2). \u0399SBN: 978-618-5497-28-6<\/p>\n<p>*Dimitris Filipp\u00eds-Jos\u00e9 Ram\u00f3n L\u00f3pez Garc\u00eda (ed.), <em>Refugio y Exilio. Miradas hist\u00f3ricas y literarias. Grecia, Espa\u00f1a, Latinoam\u00e9rica. <\/em>Renacimiento-Biblioteca del \u0395xilio, \u03a3\u03b5\u03b2\u03af\u03bb\u03bb\u03b7 2025. \u0399SBN: 978-84-87552-88-6<\/p>\n<p>* Pedro \u00c1lvarez de Frutos-Dimitris Filipp\u00eds, <em>Venizelos, las dos Grecias y la Espa\u00f1a liberal. <\/em>Centro de Estudios Bizantinos-Neogriegos y Chipriotas. \u0393\u03c1\u03b1\u03bd\u03ac\u03b4\u03b1 2025. ISBN: 978-84-18948-49-7<\/p>\n<p>*\u0392\u03b1\u03c3\u03b9\u03bb\u03b9\u03ba\u03ae \u039a\u03b1\u03bd\u03b5\u03bb\u03bb\u03b9\u03ac\u03b4\u03bf\u03c5-\u0394\u03b7\u03bc\u03ae\u03c4\u03c1\u03b7\u03c2 \u0395. \u03a6\u03b9\u03bb\u03b9\u03c0\u03c0\u03ae\u03c2-\u0393\u03b9\u03ce\u03c1\u03b3\u03bf\u03c2 \u03a7\u03b1\u03bb\u03ac\u03c4\u03c3\u03b7\u03c2, <em>\u00a0\u0395<\/em><em>sbozo de Civilizaci\u00f3<\/em><em>n de Espa\u00f1<\/em><em>a. <\/em><em>Historia-<\/em><em>Sociedad-<\/em><em>Pensamiento-<\/em><em>Cultura-<\/em><em>Arte. <\/em>\u0392\u03b9\u03b2\u03bb\u03af\u03bf-\u0395\u03b3\u03c7\u03b5\u03b9\u03c1\u03af\u03b4\u03b9\u03bf \u039c\u03b5\u03bb\u03ad\u03c4\u03b7\u03c2 \u03c4\u03b7\u03c2 \u0398\u0395 \u0399\u03a3\u03a022-\u03a0\u03bf\u03bb\u03b9\u03c4\u03b9\u03c3\u03bc\u03cc\u03c2 \u03c4\u03b7\u03c2 \u0399\u03c3\u03c0\u03b1\u03bd\u03af\u03b1\u03c2. \u0395\u03c0\u03b9\u03bc\u03ad\u03bb\u03b5\u03b9\u03b1 \u0394.\u0395. \u03a6\u03b9\u03bb\u03b9\u03c0\u03c0\u03ae\u03c2. \u0395\u0391\u03a0, \u03a0\u03ac\u03c4\u03c1\u03b1 2024 (\u03c3. 159).<\/p>\n<p>\u03b3) \u039c\u03b5\u03bb\u03ad\u03c4\u03b5\u03c2<\/p>\n<p>*Dimitris Filipp\u00eds, \u00abLa l\u00ednea verde del exilio. Antolog\u00eda en negativo\u00bb. Dimitris Filipp\u00eds-Jos\u00e9 Ram\u00f3n L\u00f3pez Garc\u00eda (ed.), <em>Refugio y Exilio. Miradas hist\u00f3ricas y literarias. Grecia, Espa\u00f1a, Latinoam\u00e9rica. <\/em>Renacimiento-Biblioteca del \u0395xilio, \u03a3\u03b5\u03b2\u03af\u03bb\u03bb\u03b7, 2025, \u03c3. 17-39.<\/p>\n<p>* \u0394\u03b7\u03bc\u03ae\u03c4\u03c1\u03b7\u03c2 \u0395. \u03a6\u03b9\u03bb\u03b9\u03c0\u03c0\u03ae\u03c2 (Filipp\u00eds), \u00abLa <em>tancada <\/em>y el encuentro: Barcelona-Atenas-Par\u00eds 1970\/\u0397 \u03b4\u03b9\u03b1\u03bc\u03b1\u03c1\u03c4\u03c5\u03c1\u03af\u03b1 \u03ba\u03b1\u03b9 \u03b7 \u03c3\u03c5\u03bd\u03ac\u03bd\u03c4\u03b7\u03c3\u03b7: \u0392\u03b1\u03c1\u03ba\u03b5\u03bb\u03ce\u03bd\u03b7-\u0391\u03b8\u03ae\u03bd\u03b1-\u03a0\u03b1\u03c1\u03af\u03c3\u03b9, 1970\u00bb, <em>Tribuna Abierta de Estudios Hispano-Helenos, <\/em>\u00abCono Sur-Grecia-Espa\u00f1a-Portugal. 50 a\u00f1os de Democracia &amp; Memoria\/50 \u03c7\u03c1\u03cc\u03bd\u03b9\u03b1 \u0394\u03b7\u03bc\u03bf\u03ba\u03c1\u03b1\u03c4\u03af\u03b1\u03c2 \u03ba\u03b1\u03b9 \u039c\u03bd\u03ae\u03bc\u03b7\u03c2\u00bb, \u03c4\u03c7. \u0396 (\u039a\u03b1\u03bb\u03bf\u03ba\u03b1\u03af\u03c1\u03b9-verano 2025), \u03c3. 55-60.<\/p>\n<p>* \u00ab\u0394. \u0395. \u03a6\u03b9\u03bb\u03b9\u03c0\u03c0\u03ae\u03c2 (Filipp\u00eds), El mirador de la memoria. Debate sobre el documental, El silencio de los otros. \u03a4\u03bf \u03c0\u03b1\u03c1\u03b1\u03c4\u03b7\u03c1\u03b7\u03c4\u03ae\u03c1\u03b9\u03bf \u03c4\u03b7\u03c2 \u03bc\u03bd\u03ae\u03bc\u03b7\u03c2. \u03a3\u03c5\u03b6\u03ae\u03c4\u03b7\u03c3\u03b7 \u03b3\u03b9\u03b1 \u03c4\u03bf \u03bd\u03c4\u03bf\u03ba\u03b9\u03bc\u03b1\u03bd\u03c4\u03ad\u03c1, \u0397 \u03c3\u03b9\u03c9\u03c0\u03ae \u03c4\u03c9\u03bd \u03ac\u03bb\u03bb\u03c9\u03bd\u00bb, <em>Tribuna Abierta de Estudios Hispano-Helenos, <\/em>\u00abCono Sur-Grecia-Espa\u00f1a-Portugal. 50 a\u00f1os de Democracia &amp; Memoria\/50 \u03c7\u03c1\u03cc\u03bd\u03b9\u03b1 \u0394\u03b7\u03bc\u03bf\u03ba\u03c1\u03b1\u03c4\u03af\u03b1\u03c2 \u03ba\u03b1\u03b9 \u039c\u03bd\u03ae\u03bc\u03b7\u03c2\u00bb, \u03c4\u03c7. \u0396 (\u039a\u03b1\u03bb\u03bf\u03ba\u03b1\u03af\u03c1\u03b9-verano 2025), \u03c3. \u00a077-83.<\/p>\n<p>*\u0394. \u0395. \u03a6\u03b9\u03bb\u03b9\u03c0\u03c0\u03ae\u03c2 (Filipp\u00eds), \u00abSimone Weil y Sim\u03bfne Veil: correspondencias de la Guerra de Espa\u00f1a y Auschwitz\/ \u03a3\u03b9\u03bc\u03cc\u03bd \u0392\u03ad\u03b9\u03bb \u03ba\u03b1\u03b9 \u03a3\u03b9\u03bc\u03cc\u03bd \u0392\u03ad\u03b9\u03bb: \u03b1\u03bd\u03c4\u03b1\u03c0\u03bf\u03ba\u03c1\u03af\u03c3\u03b5\u03b9\u03c2 \u03b1\u03c0\u03cc \u03c4\u03bf\u03bd \u0399\u03c3\u03c0\u03b1\u03bd\u03b9\u03ba\u03cc \u0395\u03bc\u03c6\u03cd\u03bb\u03b9\u03bf \u03ba\u03b1\u03b9 \u03c4\u03bf \u0386\u03bf\u03c5\u03c3\u03b2\u03b9\u03c4\u03c2\u00bb, <em>Tribuna Abierta de Estudios Hispano-Helenos, <\/em>\u00abCono Sur-Grecia-Espa\u00f1a-Portugal. 50 a\u00f1os de Democracia &amp; Memoria\/50 \u03c7\u03c1\u03cc\u03bd\u03b9\u03b1 \u0394\u03b7\u03bc\u03bf\u03ba\u03c1\u03b1\u03c4\u03af\u03b1\u03c2 \u03ba\u03b1\u03b9 \u039c\u03bd\u03ae\u03bc\u03b7\u03c2\u00bb, \u03c4\u03c7. \u0396 (\u039a\u03b1\u03bb\u03bf\u03ba\u03b1\u03af\u03c1\u03b9-verano 2025), \u03c3.\u00a0 200-204.<\/p>\n<p>*Dimitris Filipp\u00eds, \u00abAbecedario b\u00e1sico de los aspectos paralelos y diferenciadores entre la sociedad espa\u00f1ola y la griega en la primera transici\u00f3n (1974\u2013 1981)\u00bb.\u00a0 Mar\u00eda \u00c1ngeles Naval L\u00f3pez (ed.), <em>Las transiciones pol\u00edticas en Europa y su relato literario (Espa\u00f1a, Grecia, Polonia, Portugal, Rep\u00fablica Checa), <\/em>Publicado por Peter Lang Group AG, Lausanne, Berl\u00edn, Alemania, 2023, \u03c3. 17-40. ISBN 978-3-631-88932-9 (Print) E-ISBN 978-3-631-88951-0 (E-PDF).<\/p>\n<p>*\u0394\u03b7\u03bc\u03ae\u03c4\u03c1\u03b7\u03c2 \u0395. \u03a6\u03b9\u03bb\u03b9\u03c0\u03c0\u03ae\u03c2 (Filipp\u00eds), \u00abGobiernos y representaciones diplom\u00e1ticas errantes y exiliados (1914-1939). \u039a\u03c5\u03b2\u03b5\u03c1\u03bd\u03ae\u03c3\u03b5\u03b9\u03c2 \u03ba\u03b1\u03b9 \u03b4\u03b9\u03c0\u03bb\u03c9\u03bc\u03b1\u03c4\u03b9\u03ba\u03ad\u03c2 \u03b1\u03bd\u03c4\u03b9\u03c0\u03c1\u03bf\u03c3\u03c9\u03c0\u03b5\u03af\u03b5\u03c2 \u03c0\u03b5\u03c1\u03b9\u03c0\u03bb\u03b1\u03bd\u03ce\u03bc\u03b5\u03bd\u03b5\u03c2 \u03ba\u03b1\u03b9 \u03b5\u03be\u03cc\u03c1\u03b9\u03c3\u03c4\u03b5\u03c2 (1914-1939)\u00bb, <em>Tribuna Abierta de Estudios Hispano-Helenos, <\/em>\u00ab\u03a0\u03c1\u03bf\u03c3\u03c6\u03c5\u03b3\u03b9\u03ac \u03ba\u03b1\u03b9 \u0395\u03be\u03bf\u03c1\u03af\u03b1\/Refugio y Exilio. Congreso-Actas\u00bb, \u03c4\u03c7 \u03a3\u03c4 (\u0386\u03bd\u03bf\u03b9\u03be\u03b7-primavera 2024), \u03c3. 59-64.<\/p>\n<p>*\u0394\u03b7\u03bc\u03ae\u03c4\u03c1\u03b7\u03c2 \u0395. \u03a6\u03b9\u03bb\u03b9\u03c0\u03c0\u03ae\u03c2 (Filipp\u00eds), \u00ab\u0397 \u03c0\u03b1\u03c1\u03ad\u03bb\u03b1\u03c3\u03b7 \u03c4\u03b7\u03c2 \u03ae\u03c4\u03c4\u03b1\u03c2. El desfile de la derrota\u00bb, <em>Tribuna Abierta de Estudios Hispano-Helenos, <\/em>\u00ab\u0395\u03c0\u03b1\u03bd\u03ac\u03c3\u03c4\u03b1\u03c3\u03b7 \u03ba\u03b1\u03b9 \u03bb\u03bf\u03b3\u03bf\u03ba\u03c1\u03b9\u03c3\u03af\u03b1\/Revoluci\u00f3n y Censura. Jornadas-Actas\u00bb, \u03c4\u03c7. \u0393-\u0394 (\u03a6\u03b8\u03b9\u03bd\u03cc\u03c0\u03c9\u03c1\u03bf-oto\u00f1o2021\/\u03a7\u03b5\u03b9\u03bc\u03ce\u03bd\u03b1\u03c2-invierno 2022), \u03c3. 323-328.<\/p>\n<p>\u0394\u03b7\u03bc\u03ae\u03c4\u03c1\u03b7\u03c2 \u0395. \u03a6\u03b9\u03bb\u03b9\u03c0\u03c0\u03ae\u03c2 (Filipp\u00eds), \u00ab\u03a4\u03bf 1821 \u03b1\u03bd\u03ac\u03bc\u03b5\u03c3\u03b1 \u03c3\u03c4\u03bf 1921 \u03ba\u03b1\u03b9 \u03c4\u03bf 1971. H \u03ad\u03c3\u03c9\u03b8\u03b5\u03bd \u03b9\u03c3\u03c4\u03bf\u03c1\u03af\u03b1 \u03c3\u03b5 \u0395\u03bb\u03bb\u03ac\u03b4\u03b1 \u03ba\u03b1\u03b9 \u0399\u03c3\u03c0\u03b1\u03bd\u03af\u03b1. El 1821 entre el 1921 y el 1971. La intrahistoria en Grecia y en Espa\u00f1a\u00bb, <em>Tribuna Abierta de Estudios Hispano-Helenos, <\/em>\u00ab\u0395\u03c0\u03b1\u03bd\u03ac\u03c3\u03c4\u03b1\u03c3\u03b7 \u03ba\u03b1\u03b9 \u03bb\u03bf\u03b3\u03bf\u03ba\u03c1\u03b9\u03c3\u03af\u03b1\/Revoluci\u00f3n y Censura. Jornadas-Actas\u00bb, \u03c4\u03c7. \u0393-\u0394 (\u03a6\u03b8\u03b9\u03bd\u03cc\u03c0\u03c9\u03c1\u03bf-oto\u00f1o2021\/\u03a7\u03b5\u03b9\u03bc\u03ce\u03bd\u03b1\u03c2-invierno 2022), \u03c3. 143-156.<\/p>\n<p>\u0394\u03b7\u03bc\u03ae\u03c4\u03c1\u03b7\u03c2 \u03a6\u03b9\u03bb\u03b9\u03c0\u03c0\u03ae\u03c2 (Filipp\u00eds), \u00ab\u0397 \u03ba\u03c1\u03b1\u03c5\u03b3\u03ae \u03c4\u03c9\u03bd \u03bf\u03b4\u03bf\u03c6\u03c1\u03b1\u03b3\u03bc\u03ac\u03c4\u03c9\u03bd. \u03a0\u03b5\u03c1\u03af \u03bb\u03bf\u03b3\u03bf\u03ba\u03c1\u03b9\u03c3\u03af\u03b1\u03c2 \u03c3\u03b5 \u0399\u03c3\u03c0\u03b1\u03bd\u03af\u03b1 \u03ba\u03b1\u03b9 \u0395\u03bb\u03bb\u03ac\u03b4\u03b1, 19\u03bf\u03c2-21\u03bf\u03c2 \u03b1\u03b9. El clamor de las barricadas. Acerca de la censura en Espa\u00f1a y Grecia. s. XIX-XXI\u00bb,\u00a0<em>Tribuna Abierta de Estudios Hispano-Helenos, <\/em>\u00ab\u0395\u03c0\u03b1\u03bd\u03ac\u03c3\u03c4\u03b1\u03c3\u03b7 \u03ba\u03b1\u03b9 \u03bb\u03bf\u03b3\u03bf\u03ba\u03c1\u03b9\u03c3\u03af\u03b1\/Revoluci\u00f3n y Censura. Jornadas-Actas\u00bb, \u03c4\u03c7. \u0393-\u0394 (\u03a6\u03b8\u03b9\u03bd\u03cc\u03c0\u03c9\u03c1\u03bf-oto\u00f1o2021\/\u03a7\u03b5\u03b9\u03bc\u03ce\u03bd\u03b1\u03c2-invierno 2022),\u03c3. 177-196.<\/p>\n<p>\u0394\u03b7\u03bc\u03ae\u03c4\u03c1\u03b7\u03c2 \u0395. \u03a6\u03b9\u03bb\u03b9\u03c0\u03c0\u03ae\u03c2 \u0395\u0391\u03a0, \u00ab\u039c\u03b9\u03b1 \u03c0\u03bf\u03bb\u03cd\u03c0\u03bb\u03b5\u03c5\u03c1\u03b7 \u00ab\u03b3\u03bf\u03c4\u03b8\u03b9\u03ba\u03ae\u00bb \u03b1\u03c6\u03ae\u03b3\u03b7\u03c3\u03b7 \u03b3\u03b9\u03b1 \u03c4\u03bf 1821. \u00c1lvaro Garc\u00eda Mar\u00edn, Eva Latorre Broto (\u03b5\u03c0\u03b9\u03bc.), Periferias de la Revoluci\u00f3n. Contextos trasnacionales de la insurrecci\u00f3n griega de 1821 [\u03a0\u03b5\u03c1\u03b9\u03c6\u03ad\u03c1\u03b5\u03b9\u03b5\u03c2 \u03c4\u03b7\u03c2 \u0395\u03c0\u03b1\u03bd\u03ac\u03c3\u03c4\u03b1\u03c3\u03b7\u03c2. \u0397 \u0395\u03bb-\u03bb\u03b7\u03bd\u03b9\u03ba\u03ae\u00a0 \u0395\u03be\u03ad\u03b3\u03b5\u03c1\u03c3\u03b7\u00a0 \u03c4\u03bf\u03c5\u00a0 1821\u00a0 \u03c3\u03b5\u00a0 \u03b4\u03b9\u03b5\u03b8\u03bd\u03b9\u03ba\u03cc\u00a0 \u03c0\u03bb\u03b1\u03af\u03c3\u03b9\u03bf],\u00a0 Estudios\u00a0 y\u00a0 Textos\u00a0 de\u00a0 ERYTHEIA-11, Asociaci\u00f3n Cultural Hispano-Helena, \u039c\u03b1\u03b4\u03c1\u03af\u03c4\u03b7 2021, 438 \u03c3.\u00bb, <em>\u00a0<\/em><em>\u03a0\u03b5\u03c1\u03af \u0399\u03c3\u03c4\u03bf\u03c1\u03af\u03b1\u03c2<\/em><em>&#8211;<\/em>\u0399\u03cc\u03bd\u03b9\u03bf\u03c2 \u0395\u03c4\u03b1\u03b9\u03c1\u03b5\u03af\u03b1 \u0399\u03c3\u03c4\u03bf\u03c1\u03b9\u03ba\u03ce\u03bd \u039c\u03b5\u03bb\u03b5\u03c4\u03ce\u03bd, \u039a\u03ad\u03c1\u03ba\u03c5\u03c1\u03b1 \u03c4\u03c7. 11 (2023), \u03c3. 251-258.<\/p>\n<p>*\u00abCivil War Between Pre-fascism and Fascism: The Pirates of Metaxas and the Corsairs [pirate ships] of Mussolini and Franco\u00bb, <em>\u0391\u03c0\u03bf\u03c4\u03c5\u03c0\u03ce\u03c3\u03b5\u03b9\u03c2 \u03c4\u03b7\u03c2 \u03b5\u03c5\u03c1\u03c9\u03c0\u03b1\u03ca\u03ba\u03ae\u03c2 \u03b9\u03c3\u03c4\u03bf\u03c1\u03af\u03b1\u03c2, \u039a\u03b5\u03af\u03bc\u03b5\u03bd\u03b1 \u03b1\u03c6\u03b9\u03b5\u03c1\u03c9\u03bc\u03ad\u03bd\u03b1 \u03c3\u03c4\u03bf\u03bd \u03a0\u03c1\u03bf\u03ba\u03cc\u03c0\u03b7 \u03a0\u03b1\u03c0\u03b1\u03c3\u03c4\u03c1\u03ac\u03c4\u03b7. <\/em>\u0392\u03b9\u03b2\u03bb\u03b9\u03cc\u03c1\u03b1\u03bc\u03b1, \u0391\u03b8\u03ae\u03bd\u03b1 2021, \u03c3.105-113. ISBN 978-960-9548-49-6<\/p>\n","protected":false},"excerpt":{"rendered":"<p>\u03b1) \u0395\u03c0\u03b9\u03bc\u03ad\u03bb\u03b5\u03b9\u03b1 \u03c4\u03b5\u03c5\u03c7\u03ce\u03bd \u03c0\u03b5\u03c1\u03b9\u03bf\u03b4\u03b9\u03ba\u03bf\u03cd Tribuna Abierta de Estudios Hispano-Helenos, \u00ab\u0395\u03c0\u03b1\u03bd\u03ac\u03c3\u03c4\u03b1\u03c3\u03b7 \u03ba\u03b1\u03b9 \u03bb\u03bf\u03b3\u03bf\u03ba\u03c1\u03b9\u03c3\u03af\u03b1\/Revoluci\u00f3n y Censura. Jornadas-Actas\u00bb, \u03c4\u03c7. \u0393-\u0394 (\u03a6\u03b8\u03b9\u03bd\u03cc\u03c0\u03c9\u03c1\u03bf-oto\u00f1o2021\/\u03a7\u03b5\u03b9\u03bc\u03ce\u03bd\u03b1\u03c2-invierno 2022). *Tribuna Abierta de Estudios Hispano-Helenos, \u00ab\u03a4\u03b1\u03be\u03af\u03b4\u03b9\u03b1 \u03ba\u03b1\u03b9 \u0399\u03c3\u03c4\u03bf\u03c1\u03b9\u03ba\u03ae \u039c\u03bd\u03ae\u03bc\u03b7-Iberismo y Selva Viviente del Ecuador\u00bb, \u03c4\u03c7. \u0395\u0384 (\u03a6\u03b8\u03b9\u03bd\u03cc\u03c0\u03c9\u03c1\u03bf-oto\u00f1o 2023). *Tribuna Abierta de Estudios Hispano-Helenos, \u00ab\u03a0\u03c1\u03bf\u03c3\u03c6\u03c5\u03b3\u03b9\u03ac \u03ba\u03b1\u03b9 \u0395\u03be\u03bf\u03c1\u03af\u03b1\/Refugio y Exilio. Congreso-Actas\u00bb, \u03c4\u03c7 \u03a3\u03c4&#8230;<\/p>\n<p> <a class=\"continue-reading-link\" href=\"https:\/\/www.dfilippis.gr\/en\/%ce%b4%ce%b7%ce%bc%ce%bf%cf%83%ce%b9%ce%b5%cf%8d%ce%bc%ce%b1%cf%84%ce%b1-%ce%bc%ce%b5%cf%84%ce%ac-%cf%84%ce%bf-2020\/\"><span>Continue reading<\/span><i class=\"crycon-right-dir\"><\/i><\/a> <\/p>\n","protected":false},"author":1,"featured_media":0,"parent":0,"menu_order":0,"comment_status":"closed","ping_status":"closed","template":"","meta":{"footnotes":""},"_links":{"self":[{"href":"https:\/\/www.dfilippis.gr\/en\/wp-json\/wp\/v2\/pages\/1045"}],"collection":[{"href":"https:\/\/www.dfilippis.gr\/en\/wp-json\/wp\/v2\/pages"}],"about":[{"href":"https:\/\/www.dfilippis.gr\/en\/wp-json\/wp\/v2\/types\/page"}],"author":[{"embeddable":true,"href":"https:\/\/www.dfilippis.gr\/en\/wp-json\/wp\/v2\/users\/1"}],"replies":[{"embeddable":true,"href":"https:\/\/www.dfilippis.gr\/en\/wp-json\/wp\/v2\/comments?post=1045"}],"version-history":[{"count":2,"href":"https:\/\/www.dfilippis.gr\/en\/wp-json\/wp\/v2\/pages\/1045\/revisions"}],"predecessor-version":[{"id":1047,"href":"https:\/\/www.dfilippis.gr\/en\/wp-json\/wp\/v2\/pages\/1045\/revisions\/1047"}],"wp:attachment":[{"href":"https:\/\/www.dfilippis.gr\/en\/wp-json\/wp\/v2\/media?parent=1045"}],"curies":[{"name":"wp","href":"https:\/\/api.w.org\/{rel}","templated":true}]}}